{"id":293,"date":"2018-12-30T17:54:31","date_gmt":"2018-12-30T17:54:31","guid":{"rendered":"http:\/\/wiktorski.expert\/?page_id=293"},"modified":"2018-12-30T18:16:27","modified_gmt":"2018-12-30T18:16:27","slug":"bio","status":"publish","type":"page","link":"http:\/\/wiktorski.expert\/?page_id=293","title":{"rendered":"Bio"},"content":{"rendered":"\n<p>dr in\u017c. Tomasz Wiktorski, ur. 1979<\/p>\n\n\n\n<p>Wykszta\u0142cenie:<\/p>\n\n\n\n<p>2003-2008 \u2013 Doktor nauk le\u015bnych w\nzakresie drzewnictwa, Wydzia\u0142 Technologii Drewna, Szko\u0142a G\u0142\u00f3wna Gospodarstwa\nWiejskiego w Warszawie<\/p>\n\n\n\n<p>2000-2005-In\u017cynier informatyki,\nWydzia\u0142 Elektryczny Politechniki Warszawskiej<\/p>\n\n\n\n<p>1998-2003- Magister in\u017cynier\ntechnologii drewna, Wydzia\u0142 Technologii Drewna, Szko\u0142a G\u0142\u00f3wna Gospodarstwa\nWiejskiego w Warszawie<\/p>\n\n\n\n<p>Do\u015bwiadczenie zawodowe:<\/p>\n\n\n\n<p>2017-2018-&nbsp; Polski Fundusz Rozwoju. Kierownik programu Flagowego Polskie Meble powo\u0142any decyzj\u0105 Premiera Mateusza Morawieckiego. Realizowa\u0142 zadania pod merytorycznym nadzorem Minister Przedsi\u0119biorczo\u015bci i Technologii Jadwigi Emilewicz. By\u0142 odpowiedzialny za sformu\u0142owanie cel\u00f3w, wyznaczenie strategii, kamieni milowych i kluczowych wska\u017anik\u00f3w osobowych w \u015brodowisku wielu interesariuszy uwzgl\u0119dniaj\u0105cych ministerstwa, agencje, biznes od lider\u00f3w bran\u017cy po startupy. Zainicjowa\u0142 i zrealizowa\u0142 6 projekt\u00f3w. Utrzymywa\u0142 szerokie kontakty z krajowymi zagranicznymi firmami: BRW, Forte, Nowy Styl, Szynaka, IKEA, Agata, Conforama, etc. Wsp\u00f3\u0142pracowa\u0142 z zarz\u0105dami sp\u00f3\u0142ek Grupy PFR oraz kierownictwem ministerstw Przedsi\u0119biorczo\u015bci i Technologii, Inwestycji i&nbsp;Rozwoju, Spraw Zagranicznych, Kultury i Dziedzictwa Narodowego, i innymi.<\/p>\n\n\n\n<p>2009-nadal: w\u0142asna dzia\u0142alno\u015b\u0107 gospodarcza B+R Studio Tomasz Wiktorski. Zakres obowi\u0105zk\u00f3w: tworzenie nowych produkt\u00f3w i us\u0142ug dla przedsi\u0119biorc\u00f3w, opracowanie strategii, plan\u00f3w dzia\u0142ania, rekrutacja pracownik\u00f3w, dzia\u0142ania operacyjne, dywersyfikacja ryzyka. Obszary dzia\u0142ania: doradztwo i\u00a0analizy rynku meblarskiego, zak\u0142ad produkcji drzewnej, apteka. Sukces rozwini\u0119cie przedsi\u0119biorstwa od zera do obrot\u00f3w 2 mln z\u0142 w 2017 r.; opracowanie i wdro\u017cenie us\u0142ug dla bran\u017cy drzewnej i\u00a0meblarskiej, wypromowanie od 2010 bran\u017cy meblarskiej jako tematu medialnego (kampania Dumni z polskich mebli). Autorstwo raportu Polskie Meble Outlook i szeregu bada\u0144 oraz raport\u00f3w bran\u017cowych. W okresie pracy na rzecz PFR dzia\u0142alno\u015b\u0107 zosta\u0142a ograniczona z uwagi na konieczno\u015b\u0107 zapewnienia braku konfliktu interes\u00f3w.<\/p>\n\n\n\n<p>2012-2016 \u2013 MD Connect sp. z o.o.\n(Dobroteka, grupa KLER) \u2013 dyrektor bada\u0144 i rozwoju. Obowi\u0105zki koordynacja\ndzia\u0142a\u0144 badawczych w Laboratorium Apartament Przysz\u0142o\u015bci, nawi\u0105zywanie\nkontakt\u00f3w z&nbsp;instytucjami samorz\u0105dowymi, NGO, uczelniami, firmami,\nupowszechnianie wynik\u00f3w bada\u0144. Wsp\u00f3\u0142autor koncepcji 10xDobroteka. Sukces:\nopracowanie koncepcji preferencji estetycznych klient\u00f3w bran\u017cy meblarskiej\nbazuj\u0105cych na \u201ekomunikacji z przedmiotami\u201d. Pozyskanie partner\u00f3w na realizacj\u0119\nprzedsi\u0119wzi\u0119cia Laboratorium Apartament&nbsp;\nPrzysz\u0142o\u015bci (wk\u0142ad partner\u00f3w 600 ty\u015b z\u0142.) i&nbsp;\u015brodk\u00f3w na projekty\nbadawcze w wysoko\u015bci 400 tys. z\u0142, projekty inwestycyjne w infrastruktur\u0119 B+R na\nponad 600 tys. z\u0142. <\/p>\n\n\n\n<p>2003-2016 &nbsp;\u2013 Og\u00f3lnopolska Izba Gospodarcza \u2013asystent ds.\nanaliz rynkowych, nast\u0119pnie ekspert ds. analiz rynkowych. Obowi\u0105zki:\nopracowywanie danych na temat produkcji, eksportu i importu mebli;\nopracowywanie materia\u0142\u00f3w do analiz strategicznych; koordynacja projekt\u00f3w\npromocyjnych i&nbsp;badawczo-wdro\u017ceniowych finansowanych z funduszy UE; kontakt\nz firmami meblarskimi; wyst\u0105pienia na seminariach i konferencjach. Sukces:\nwykonanie opracowa\u0144 statystycznych eksponuj\u0105cych drugi na \u015bwiecie potencja\u0142\neksportowy polskiego meblarstwa w kategoriach wolumenu eksportu.<\/p>\n\n\n\n<p>2003-2008 \u2013 Szko\u0142a G\u0142\u00f3wna Gospodarstwa\nWiejskiego; asystent-doktorant, wsp\u00f3\u0142autor i zast\u0119pca kierownika projekt\u00f3w\nfinansowanych z funduszy UE. Obowi\u0105zki: dzia\u0142alno\u015b\u0107 naukowo-dydaktyczna (oko\u0142o\n1000h), opracowanie koncepcji projekt\u00f3w (szkolenia i transfer wiedzy),\nkoordynacja 40 osobowego zespo\u0142u wykonuj\u0105cego, przygotowanie strategii\nrekrutacji oraz promocji, nadz\u00f3r nad rozliczeniem. Sukces: pozyskanie 1,7 mln\nz\u0142 w okresie 2006-2008. Praca doktorska wyr\u00f3\u017cniona nagrod\u0105 JM Rektora SGGW.<\/p>\n\n\n\n<p>Wybrane do\u015bwiadczenia dodatkowe:<\/p>\n\n\n\n<ul class=\"wp-block-list\"><li>2018 \u2013 Organizator misji gospodarczych\ndystrybutor\u00f3w z ZEA do Polski<\/li><li>2018 \u2013 wyjazd studialny na targi wyposa\u017cenia\nwn\u0119trz Index, Dubai, ZEA<\/li><li>2012, 2014, 2016, 2017, 2018&nbsp; \u2013 Doroczne wizyty na targach IMM, Kolonia,\nNiemcy<\/li><li>2013, 2015, 2017, 2018 \u2013 Doroczne wizyty na\ntargach iSaloni, Mediolan, W\u0142ochy<\/li><li>2017 \u2013 Organizator misji gospodarczej na&nbsp; Astana Expo 2017, Astana, Kazahstan<\/li><li>2015 &#8211; Cz\u0142onek grupy roboczej nr 4 ds. Przemys\u0142u\nRolno-Spo\u017cywczego i Le\u015bno Drzewnego, Krajowych Inteligentnych Specjalizacji\nprzy Ministerstwie Rozwoju. Wsp\u00f3\u0142autor zakresu KIS.<\/li><li>2015 \u2013 Opracowanie dla OIGPM materia\u0142\u00f3w\nkonsultacyjnych do dokumentu \u201ePriorytety Polityki Przemys\u0142owej 2015-2020+\u201d<\/li><li>2015 \u2013 Opracowanie dla OIGPM wniosku o obj\u0119cie\nbran\u017cy meblarskiej programem promocji bran\u017cowej.<\/li><li>2014 &#8211; 2015 &#8211; Reprezentacja KLER S.A. i MD Connect\nsp. z o.o. w konsorcjum powo\u0142anym do przygotowania wniosku o utworzenie\nsektorowego programu badawczego WoodINN.<\/li><li>2013 &#8211; 2014 &#8211;&nbsp;\nKonsultant Urz\u0119du Miasta Radomska w zakresie programu \u201eRadomsko\nMebluje\u201d.<\/li><li>2012 \u2013 Opracowanie katalogu promocyjnego bran\u017cy\nmeblarskiej w Bran\u017cowy Program Promocji Meble realizowanego przez konsorcjum\nMTP i OIGPM.<\/li><li>2009 &#8211; Udzia\u0142 w panelu ekspert\u00f3w w projekcie\nForesight w drzewnictwie \u2013 scenariusze rozwoju bada\u0144 naukowych w Polsce do 2020\nroku. Instytut Technologii Drewna. Pozna\u0144<\/li><li>2007 &#8211; udzia\u0142 w misji gospodarczej do Chin \u2013\nShenzhen, Dongguan, Guangzhou.<\/li><\/ul>\n\n\n\n<p>Wybrane publikacje<\/p>\n\n\n\n<ul class=\"wp-block-list\"><li>Wiktorski T., Czyrnia M. 2017.\nFurniture production in Poland in the light of global trends. 23rd International Wood\nMachining Seminar. Warsaw<\/li><li>Wiktorski T. Respondek T. 2016. Innowacyjno\u015b\u0107 w przemy\u015ble\nmeblarskim. Materia\u0142y konferencyjne Og\u00f3lnopolskiej konferencji\nnaukowo-technicznej&nbsp; INNOWACJE W POLSKIM\nSEKTORZE LE\u015aNO-DRZEWNYM \u2013 mocne i s\u0142abe strony. Instytut Technologii Drewna.\nMinisterstwo Rozwoju. Stowarzyszenie Producent\u00f3w P\u0142yt Drewnopochodnych w\nPolsce. Warszawa<\/li><li>Wiktorski T. Stasiak-Betlejewska R. Domljan D. 2016. Creating Product Value in the Furniture Industry with Innovative\nResearch Methods applying. 27th International Conference on Wood Modification and\nTechnology 2016 IMPLEMENTATION OF WOOD SCIENCE IN WOODWORKING SECTOR. Tematyka: Metody budowania\nwarto\u015bci produktu&nbsp; i wp\u0142yw czynnik\u00f3w\nzewn\u0119trznych na postrzeganie warto\u015bci mebli.<\/li><li>Szewczuk St\u0119pie\u0144 M. Wiktorski T. 2016. Aktywno\u015b\u0107 innowacyjna\nsektora MSP \u2013 stan i wyzwania. Studium przypadku bran\u017cy meblarskiej. Wydzia\u0142\nEkonomii i Zarz\u0105dzania Politechniki Opolskiej. Tematyka: bariery we wdra\u017caniu\ninnowacji.<\/li><li>Wiktorski T. Dorozi\u0144ska M. 2016. Polskie Meble Outlook 2016.\nTematyka: Roczny raport o stanie przemys\u0142u meblarskiego. Seria analiz\nrealizowana od&nbsp; 2009 roku. Ma\u0142a\npoligrafia OIGPM. Warszawa<\/li><li>Wiktorski T. Adamowicz M. 2014. Raport Specjalny. Meble \u2013\nPolska Specjalizacja Inteligentna. W.&nbsp;Kooperacja \u015bwiata nauki i biznesu.\nStudium sektora meblarskiego w wojew\u00f3dztwie opolskim. Opolskie Centrum\nDemokracji Lokalnej FRDL. Opole. Tematyka: analiza polityki przemys\u0142owej w&nbsp;zakresie\nrozwoju przemys\u0142u meblarskiego, miejsc pracy i innowacyjno\u015bci. <\/li><li>Wiktorski T. 2011. Marka warta miliardy. Kwartalnik 2+3D. Numer\n3\/2011. <\/li><\/ul>\n\n\n\n<p>W latach 2011-2017 roku sta\u0142y felietonista wydawnictwa\nBiznes Meble.pl \u2013 Miesi\u0119cznik Biznes Meble.pl<\/p>\n\n\n\n<p>Prowadzi blog www.wiktorski.expert<\/p>\n\n\n\n<p>Cytowany wielokrotnie mi\u0119dzy innymi przez: magazyny\nbran\u017cowe w kraju i za granic\u0105, Rzeczpospolita, Parkiet, Dziennik Gazeta Prawna,\nFinancial Times, Forbes, TVN, Polsat, Polskie Radio i&nbsp;innych.<\/p>\n\n\n\n<p>Udzia\u0142 w konferencjach,\nseminariach, sympozjach:<\/p>\n\n\n\n<ul class=\"wp-block-list\"><li>Wiktorski T. 2011. Wyniki bran\u017cy meblarskiej.\nPodczas konferencji Scenariusze rozwoju polskiej bran\u017cy meblowej. Rola\nwzornictwa. Promocji. Budowania Wizerunku. Domar. 9.06.2011. Wroc\u0142aw.<\/li><li>Wiktorski T. 2012. Komu s\u0105 potrzebne badania\nrynku mebli?. Konferencja Postaw na dizajn. Marketing&nbsp; w bran\u017cy wyposa\u017cenia wn\u0119trz. DOMAR. Wroc\u0142aw\n31.05.2012<\/li><li>Wiktorski T. 2013. Przysz\u0142o\u015b\u0107 handlu meblami w\nPolsce. Wyk\u0142ad wprowadzaj\u0105cy i&nbsp;prowadzenie panelu dyskusyjnego. MTM\nOstr\u00f3da. 03.09.2013 <\/li><li>Wiktorski T. 2014. NAJNOWSZE TRENDY W SEKTORZE MEBLARSKIM W WOJ. WARMI\u0143SKO MAZURSKIM.\nUniwersytet Rolniczy w Olsztynie. 18.09.2014<\/li><li>Wiktorski T. 2015. Co mo\u017cna zyska\u0107 inwestuj\u0105c w\nprojektowanie mebli? Podczas XL Sympozjum GAP. Ekonomiczne warto\u015bci designu.\nSzczyrk. 16.01.2015 <\/li><li>Respondek. T. Dorozi\u0144ska M. (B+R Studio Analizy\nrynku Meblarskiego) 2015. Prognoza\neksportu mebli 2015 \u2013 szansa dla polskich producent\u00f3w. Popyt na towary z Polski\nw krajach UE. Szkolenie na zlecenie PwC dla beneficjent\u00f3w projektu Urz\u0119du\nMarsza\u0142kowskiego w&nbsp;Lublinie.<\/li><li>Wiktorski\nT. Stru\u017cy\u0144ska E. 2015. Praktyczne\naspekty eksportu mebli do Wielkiej Brytanii. Seminarium Bank Zachodni BZWBK.\n24.06.2015. Pozna\u0144 oraz 5.11.2015 Syc\u00f3w.<\/li><li>Wiktorski T. Respondek T. 2015. MEBLOWANIE \u015aWIATA \u2013&nbsp; perspektywy polskiej bran\u017cy meblarskiej w\npraktyce. Prowadzenie konferencji bran\u017cowej dla pracownik\u00f3w mBanku. 24.11.2015\nWarszawa.<\/li><li>Wiktorski T. 2016. Meble. Polak\u00f3w zwyczaje zakupowe.\n\u0141\u00f3d\u017a Design Festiwal. 23.10.2016<\/li><li>Wiktorski T. 2016. Udzia\u0142 w charakterze\npanelisty w I Opolskim\nForum: ,,Mi\u0119dzynarodowe Stosunki Gospodarcze\u201d. 21.04.2016 Opole.<\/li><li>Wiktorski\nT. Respondek R. Doma\u0144ski P. B\u0105czkiewicz D. 2016. Perspektywiczne kierunki eksportu mebli tapicerowanych oraz problem\nniskiej mar\u017cy handlu meblami. Prowadzenie czterodniowej konferencji dla firm\nprzemys\u0142y meblarskiego. Sunkel \u015aruby. Br\u00f3jce Lubuskie 26-29.04.2016.<\/li><li>Wiktorski T. Respondek T. 2016. Innowacyjno\u015b\u0107 w przemy\u015ble\nmeblarskim. Podczas technicznej&nbsp;\nINNOWACJE W POLSKIM SEKTORZE LE\u015aNO-DRZEWNYM \u2013 mocne i s\u0142abe strony.\n12.05.2016.<em><\/em><\/li><li>Wiktorski T. 2017. Program Flagowy Polskie meble. Podczas\nkonferencji Przemys\u0142 drzewno-meblarski&nbsp;na Warmii i Mazurach&nbsp;\u2013\nperspektywy inteligentnej specjalizacji. 12.04.2017 Olsztyn. <\/li><li>Wiktorski T. 2018. Oferta inwestycyjna PFR odpowiedzi\u0105 na\nglobaln\u0105 konkurencj\u0119. Podczas III Kongres Meblarski. 12.09.2018. Pozna\u0144<\/li><\/ul>\n\n\n\n<p>Umiej\u0119tno\u015bci:<\/p>\n\n\n\n<p>J\u0119zyk angielski \u2013 komunikatywny w mowie i pi\u015bmie.<\/p>\n\n\n\n<p>Metodyka pracy projektowej.<\/p>\n\n\n\n<p>Prawo jazdy kategorii B.<\/p>\n\n\n\n<p>P\u0142ynna obs\u0142uga komputera.<\/p>\n\n\n\n<p>Zdolno\u015bci organizacyjne i komunikacji interpersonalnej.<\/p>\n\n\n\n<p>Zainteresowania: <\/p>\n\n\n\n<p>funkcjonowanie\nludzkiego m\u00f3zgu, r\u00f3\u017cnice kulturowe, koncepcje zarz\u0105dzania.<\/p>\n","protected":false},"excerpt":{"rendered":"<p>dr in\u017c. Tomasz Wiktorski, ur. 1979 Wykszta\u0142cenie: 2003-2008 \u2013 Doktor nauk le\u015bnych w zakresie drzewnictwa, Wydzia\u0142 Technologii Drewna, Szko\u0142a G\u0142\u00f3wna Gospodarstwa Wiejskiego w Warszawie 2000-2005-In\u017cynier informatyki, Wydzia\u0142 Elektryczny Politechniki Warszawskiej 1998-2003- Magister in\u017cynier technologii drewna, Wydzia\u0142 Technologii Drewna, Szko\u0142a G\u0142\u00f3wna Gospodarstwa Wiejskiego w Warszawie Do\u015bwiadczenie zawodowe: 2017-2018-&nbsp; Polski Fundusz Rozwoju. Kierownik programu Flagowego Polskie Meble &hellip; <\/p>\n<p class=\"link-more\"><a href=\"http:\/\/wiktorski.expert\/?page_id=293\" class=\"more-link\">Czytaj dalej<span class=\"screen-reader-text\"> \u201eBio\u201d<\/span><\/a><\/p>\n","protected":false},"author":1,"featured_media":0,"parent":0,"menu_order":0,"comment_status":"closed","ping_status":"closed","template":"","meta":{"footnotes":""},"class_list":["post-293","page","type-page","status-publish","hentry"],"_links":{"self":[{"href":"http:\/\/wiktorski.expert\/index.php?rest_route=\/wp\/v2\/pages\/293","targetHints":{"allow":["GET"]}}],"collection":[{"href":"http:\/\/wiktorski.expert\/index.php?rest_route=\/wp\/v2\/pages"}],"about":[{"href":"http:\/\/wiktorski.expert\/index.php?rest_route=\/wp\/v2\/types\/page"}],"author":[{"embeddable":true,"href":"http:\/\/wiktorski.expert\/index.php?rest_route=\/wp\/v2\/users\/1"}],"replies":[{"embeddable":true,"href":"http:\/\/wiktorski.expert\/index.php?rest_route=%2Fwp%2Fv2%2Fcomments&post=293"}],"version-history":[{"count":2,"href":"http:\/\/wiktorski.expert\/index.php?rest_route=\/wp\/v2\/pages\/293\/revisions"}],"predecessor-version":[{"id":298,"href":"http:\/\/wiktorski.expert\/index.php?rest_route=\/wp\/v2\/pages\/293\/revisions\/298"}],"wp:attachment":[{"href":"http:\/\/wiktorski.expert\/index.php?rest_route=%2Fwp%2Fv2%2Fmedia&parent=293"}],"curies":[{"name":"wp","href":"https:\/\/api.w.org\/{rel}","templated":true}]}}